{"id":16,"date":"2025-11-23T17:18:25","date_gmt":"2025-11-23T16:18:25","guid":{"rendered":"https:\/\/jin-music.de\/?page_id=16"},"modified":"2025-11-24T10:33:17","modified_gmt":"2025-11-24T09:33:17","slug":"unterricht","status":"publish","type":"page","link":"https:\/\/jin-music.de\/?page_id=16","title":{"rendered":"\u00dcber mich"},"content":{"rendered":"\t\t<div data-elementor-type=\"wp-page\" data-elementor-id=\"16\" class=\"elementor elementor-16\">\n\t\t\t\t<div class=\"elementor-element elementor-element-340ce9bc e-flex e-con-boxed e-con e-parent\" data-id=\"340ce9bc\" data-element_type=\"container\">\n\t\t\t\t\t<div class=\"e-con-inner\">\n\t\t\t\t<div class=\"elementor-element elementor-element-5ae2ac53 elementor-widget elementor-widget-text-editor\" data-id=\"5ae2ac53\" data-element_type=\"widget\" data-widget_type=\"text-editor.default\">\n\t\t\t\t\t\t\t\t\t<p><span style=\"color: #000000;\"><\/span><\/p>\n<h2 class=\"wp-block-heading\"><span style=\"color: #000000;\">Ausbildung<\/span><\/h2>\n<ul class=\"wp-block-list\">\n<li style=\"list-style-type: none;\">\n<ul class=\"wp-block-list\">\n<li><span style=\"color: #000000;\">Konzertdiplom, Fach Sologesang, Hochschule f\u00fcr Musik W\u00fcrzburg (16. Februar 2009)<\/span><\/li>\n<\/ul>\n<\/li>\n<\/ul>\n<p><\/p>\n<p><\/p>\n<ul class=\"wp-block-list\">\n<li style=\"list-style-type: none;\">\n<ul class=\"wp-block-list\">\n<li><span style=\"color: #000000;\">Diplom-Musiker, Hauptfach Gesang, Hochschule f\u00fcr Musik Karlsruhe (06. Februar 2006)<\/span><\/li>\n<\/ul>\n<\/li>\n<\/ul>\n<p><\/p>\n<p><\/p>\n<ul class=\"wp-block-list\">\n<li style=\"list-style-type: none;\">\n<ul class=\"wp-block-list\">\n<li><span style=\"color: #000000;\">Bachelor of Music, Hauptfach Gesang und Nebenfach Klavier, Seoul National University (26. Februar 2002)<\/span><\/li>\n<\/ul>\n<\/li>\n<\/ul>\n<p><\/p>\n<p><\/p>\n<ul class=\"wp-block-list\">\n<li style=\"list-style-type: none;\">\n<ul class=\"wp-block-list\">\n<li><span style=\"color: #000000;\">Masterkurs Gesang, Julliard School New York bei Professor Daniel Ferro und Lorraine Nubar (2001)<\/span><\/li>\n<\/ul>\n<\/li>\n<\/ul>\n<p><\/p>\n<p><span style=\"color: #000000;\"><!-- \/wp:list --><\/span><\/p>\n<p><!-- wp:html --><\/p>\n<p><\/p>\n<p><span style=\"color: #000000;\"><!-- \/wp:html --><\/span><\/p>\n<p><!-- wp:heading --><\/p>\n<h2 class=\"wp-block-heading\"><span style=\"color: #000000;\">Erfahrung<\/span><\/h2>\n<p><span style=\"color: #000000;\"><!-- \/wp:heading --><\/span><\/p>\n<p><!-- wp:html --><\/p>\n<p><\/p>\n<p><span style=\"color: #000000;\"><!-- \/wp:html --><\/span><\/p>\n<p><!-- wp:heading {\"level\":3} --><\/p>\n<h4 class=\"wp-block-heading\"><span style=\"color: #000000;\">Unterricht<\/span><\/h4>\n<p><span style=\"color: #000000;\"><!-- \/wp:heading --><\/span><\/p>\n<p><!-- wp:list --><\/p>\n<ul class=\"wp-block-list\">\n<li style=\"list-style-type: none;\">\n<ul class=\"wp-block-list\"><!-- wp:list-item --><\/ul>\n<\/li>\n<\/ul>\n<ul class=\"wp-block-list\">\n<li style=\"list-style-type: none;\">\n<ul class=\"wp-block-list\">\n<li><span style=\"color: #000000;\">Seit 2013 Klavier-, Stimmbildungs- und Gesangsunterricht<\/span><\/li>\n<\/ul>\n<\/li>\n<\/ul>\n<p><!-- \/wp:list-item --><\/p>\n<p><!-- wp:list-item --><\/p>\n<ul class=\"wp-block-list\">\n<li style=\"list-style-type: none;\">\n<ul class=\"wp-block-list\"><!-- wp:list-item --><\/ul>\n<\/li>\n<\/ul>\n<ul class=\"wp-block-list\">\n<li style=\"list-style-type: none;\">\n<ul class=\"wp-block-list\">\n<li><span style=\"color: #000000;\">Seit 2022 Vereinsarbeit als Gr\u00fcndungsmitglied der <a style=\"color: #000000;\" href=\"https:\/\/www.musikinitiative-kirchheim.de\/%C3%BCber-uns\">Musikinitiative-Kirchheim<\/a><\/span><\/li>\n<\/ul>\n<\/li>\n<\/ul>\n<p><!-- \/wp:list-item --><\/p>\n<p><!-- wp:list-item --><\/p>\n<ul class=\"wp-block-list\">\n<li style=\"list-style-type: none;\">\n<ul class=\"wp-block-list\"><!-- wp:list-item --><\/ul>\n<\/li>\n<\/ul>\n<ul class=\"wp-block-list\">\n<li style=\"list-style-type: none;\">\n<ul class=\"wp-block-list\">\n<li><span style=\"color: #000000;\">Inhaberin des <a style=\"color: #000000;\" href=\"https:\/\/www.dtkvbayern.de\/qualitaetszertifikat\/\" target=\"_blank\" rel=\"noopener\" type=\"url\" data-runtime-url=\"https:\/\/www.dtkvbayern.de\/qualitaetszertifikat\/\">Qualit\u00e4tszertifikats des Deutschen Tonk\u00fcnstlerverbandes<\/a>, das die \u201cmusikp\u00e4dagogische Bef\u00e4higung und die Voraussetzungen f\u00fcr qualitativ hervorragenden Musikunterricht im Fach Gesang&#8220; nachweist.<\/span><\/li>\n<\/ul>\n<\/li>\n<\/ul>\n<p><!-- \/wp:list-item --><\/p>\n<p><!-- wp:list-item --><\/p>\n<p><span style=\"color: #000000;\"><!-- \/wp:list --><\/span><\/p>\n<p><!-- wp:html --><\/p>\n<p><\/p>\n<p><span style=\"color: #000000;\"><!-- \/wp:html --><\/span><\/p>\n<p><!-- wp:heading {\"level\":3} --><\/p>\n<h4 class=\"wp-block-heading\"><span style=\"color: #000000;\">Profikarriere: Solo &amp; Chor des Bayerischen Rundfunks<\/span><\/h4>\n<p><span style=\"color: #000000;\"><!-- \/wp:heading --><\/span><\/p>\n<p><!-- wp:list --><\/p>\n<ul class=\"wp-block-list\">\n<li style=\"list-style-type: none;\">\n<ul class=\"wp-block-list\"><!-- wp:list-item --><\/ul>\n<\/li>\n<\/ul>\n<ul class=\"wp-block-list\">\n<li style=\"list-style-type: none;\">\n<ul class=\"wp-block-list\">\n<li><span style=\"color: #000000;\">2010, Konzertante Auff\u00fchrung Jacques Offenbachs \u201eOrpheus in der Unterwelt\u201c in den Rollen \u201eDie \u00f6ffentliche Meinung\u201c und Juno mit Dirigent Daniel Grossmann, Talia Or, Thomas Blondelle und dem Orchester Jakobsplatz in M\u00fcnchen<\/span><\/li>\n<\/ul>\n<\/li>\n<\/ul>\n<p><!-- \/wp:list-item --><\/p>\n<p><!-- wp:list-item --><\/p>\n<ul class=\"wp-block-list\">\n<li style=\"list-style-type: none;\">\n<ul class=\"wp-block-list\">\n<li><span style=\"color: #000000;\">2009, Konzertante Auff\u00fchrung \u201eWeihnachtsoratorium\u201c von Camille Saint-Sa\u00ebns in der Solostimme Alt mit Dirigent T. Kaljuste, dem Bayerischen Rundfunkchor und dem Bayerischen Rundfunkorchester in M\u00fcnchen<\/span><\/li>\n<\/ul>\n<\/li>\n<\/ul>\n<p><!-- \/wp:list-item --><\/p>\n<p><!-- wp:list-item --><\/p>\n<ul class=\"wp-block-list\">\n<li style=\"list-style-type: none;\">\n<ul class=\"wp-block-list\">\n<li><span style=\"color: #000000;\">2007, Konzertante Auff\u00fchrungen &#8222;L&#8217;orfeo&#8220; von C. Moteverdi in der Rolle der Messagiera mit Dirigent Siegfried Heinrich, dem Frankfurter Bach-Chor Studio f\u00fcr Alte Oper und dem Prager Bachorchester auf Alten Instrumenten) in Frankfurt a. M., Kassel und Prag<\/span><\/li>\n<\/ul>\n<\/li>\n<\/ul>\n<p><!-- \/wp:list-item --><\/p>\n<p><!-- wp:list-item --><\/p>\n<ul class=\"wp-block-list\">\n<li style=\"list-style-type: none;\">\n<ul class=\"wp-block-list\">\n<li><span style=\"color: #000000;\">2007, Konzertante Auff\u00fchrung von H\u00e4ndels \u201eMessias\u201c in der Solostimme Alt mit Dirigent Gerold Huber, Ruth Ziesak und Christian Gerhaher in Straubing, Weimar und Frankfurt<\/span><\/li>\n<\/ul>\n<\/li>\n<\/ul>\n<p><!-- \/wp:list-item --><\/p>\n<p><!-- wp:list-item --><\/p>\n<ul class=\"wp-block-list\">\n<li style=\"list-style-type: none;\">\n<ul class=\"wp-block-list\">\n<li><span style=\"color: #000000;\">2007, Konzertante Auff\u00fchrung von H\u00e4ndels \u201eMessias\u201c in der Solostimme Alt mit Dirigent Siegfried Heinrich, dem Frankfurter Bach-Chor und Orchester in Bad Hersfeld, Bensheim, Kassel, Frankfurt a. M. und Weimar<\/span><\/li>\n<\/ul>\n<\/li>\n<\/ul>\n<p><!-- \/wp:list-item --><\/p>\n<p><span style=\"color: #000000;\"><!-- \/wp:list --><\/span><\/p>\n<p><!-- wp:html --><\/p>\n<p><\/p>\n<p><span style=\"color: #000000;\"><!-- \/wp:html --><\/span><\/p>\n<p><!-- wp:heading --><\/p>\n<h2 class=\"wp-block-heading\"><span style=\"color: #000000;\">Prosa<\/span><\/h2>\n<p><span style=\"color: #000000;\"><!-- \/wp:heading --><\/span><\/p>\n<p><!-- wp:html --><\/p>\n<p><!-- wp:quote --><\/p>\n<blockquote class=\"wp-block-quote\">\n<p><!-- wp:paragraph --><\/p>\n<p>Die S\u00e4ngerin&nbsp;Ji-Yeon&nbsp;Jin, geboren in&nbsp;Busan\/Korea, studierte Gesang an der National University in Seoul bei Professor Philip Kang von 1998 bis 2002 und machte dort ihren \u201eBachelor&nbsp;of&nbsp;Music\u201c. Neben verschiedenen Auszeichnungen gewann&nbsp;Ji-Yeon&nbsp;Jin den 1. Preis beim Korea Musikstudiums-Wettbewerb, dem gr\u00f6\u00dften Gesangs-Wettbewerb in Korea. Viele Konzertauftritte und gro\u00dfe Erfolge bei konzertanten Auff\u00fchrungen von Verdis \u201eRigoletto\u201c und Bizets \u201eCarmen\u201c rundeten diese Ausbildung ab. Weitere Studien f\u00fchrten sie nach Italien zu Maria Chiara, nach Nizza zu Lorraine&nbsp;Nubar&nbsp;und an die&nbsp;Julliard&nbsp;School New York zu Professor Daniel Ferro. Danach machte&nbsp;Ji-Yeon&nbsp;Jin an der Musikhochschule in Karlsruhe bei Professor Marga&nbsp;Schiml&nbsp;ihr Konzertdiplom. Im Sommer 2007 deb\u00fctierte&nbsp;Ji-Yeon&nbsp;Jin als&nbsp;Cherubino&nbsp;bei den Festspielen in Bad Hersfeld in einer Neuinszenierung von Mozarts \u201eDie Hochzeit&nbsp;des Figaro\u201c. Konzerth\u00f6hepunkte w\u00e4hrend des Aufbaustudiums waren Auff\u00fchrungen von H\u00e4ndels Messias in Straubing, Weimar und Frankfurt (u.a. mit Ruth&nbsp;Ziesak&nbsp;und Christian&nbsp;Gerhaher), sowie konzertante Auff\u00fchrungen von Monteverdis \u201eL\u2019Orfeo\u201c in Frankfurt, Kassel und Prag, bei denen&nbsp;Ji-Yeon&nbsp;Jin mit gro\u00dfem Erfolg die \u201eMessagiera\u201c sang. Zudem folgten erfolgreiche&nbsp;Openkonzerte&nbsp;und konzertante Auff\u00fchrungen im In- wie auch Ausland. Im M\u00e4rz 2009 schloss sie das anschlie\u00dfende Aufbaustudium an der Hochschule f\u00fcr Musik in W\u00fcrzburg bei Professor Christian Elsner ab. Von September 2008 an war sie im Bayerischen&nbsp;Runkfunkchor&nbsp;als Alto engagiert, unterst\u00fctzte den Stammchor bis Mai 2010 und verst\u00e4rkt den Chor seither auf Projektbasis. In diesem Abschnitt f\u00fchrte Sie unter&nbsp;Anderem&nbsp;als Solistin das Weihnachtsoratorium von Camille Saint-Sa\u00ebns&nbsp;mit dem Bayerischen Rundfunkorchester in M\u00fcnchen auf. Seit 2013 gibt sie Klavier, Stimmbildungs- und Gesangsunterricht. Seit 2022 ist sie als Gr\u00fcndungsmitglied in der&nbsp;<a style=\"color: #000000;\" href=\"https:\/\/www.musikinitiative-kirchheim.de\/%C3%BCber-uns\">Musikinitiative-Kirchheim<\/a> t\u00e4tig.<\/p>\n<p><!-- \/wp:paragraph --><\/p>\n<\/blockquote>\n<p><!-- \/wp:quote --><\/p>\n<p><span style=\"color: #000000;\"><!-- \/wp:paragraph --><\/span><\/p>\t\t\t\t\t\t\t\t<\/div>\n\t\t\t\t\t<\/div>\n\t\t\t\t<\/div>\n\t\t<div class=\"elementor-element elementor-element-bd9090b e-grid e-con-boxed e-con e-parent\" data-id=\"bd9090b\" data-element_type=\"container\">\n\t\t\t\t\t<div class=\"e-con-inner\">\n\t\t\t\t<div class=\"elementor-element elementor-element-cfe6d1a elementor-widget elementor-widget-image\" data-id=\"cfe6d1a\" data-element_type=\"widget\" data-widget_type=\"image.default\">\n\t\t\t\t\t\t\t\t\t\t\t\t\t\t\t<img fetchpriority=\"high\" decoding=\"async\" width=\"450\" height=\"600\" src=\"https:\/\/jin-music.de\/wp-content\/uploads\/2025\/11\/QZ5-600px.jpg\" class=\"attachment-large size-large wp-image-191\" alt=\"\" srcset=\"https:\/\/jin-music.de\/wp-content\/uploads\/2025\/11\/QZ5-600px.jpg 450w, https:\/\/jin-music.de\/wp-content\/uploads\/2025\/11\/QZ5-600px-225x300.jpg 225w\" sizes=\"(max-width: 450px) 100vw, 450px\" \/>\t\t\t\t\t\t\t\t\t\t\t\t\t\t\t<\/div>\n\t\t\t\t<div class=\"elementor-element elementor-element-2c816fd elementor-widget elementor-widget-image\" data-id=\"2c816fd\" data-element_type=\"widget\" data-widget_type=\"image.default\">\n\t\t\t\t\t\t\t\t\t\t\t\t\t\t\t<img decoding=\"async\" width=\"1024\" height=\"342\" src=\"https:\/\/jin-music.de\/wp-content\/uploads\/2025\/11\/tonkuenstlerverband_bayern_logo_2011_screen-1024x342.jpg\" class=\"attachment-large size-large wp-image-192\" alt=\"\" srcset=\"https:\/\/jin-music.de\/wp-content\/uploads\/2025\/11\/tonkuenstlerverband_bayern_logo_2011_screen-1024x342.jpg 1024w, https:\/\/jin-music.de\/wp-content\/uploads\/2025\/11\/tonkuenstlerverband_bayern_logo_2011_screen-300x100.jpg 300w, https:\/\/jin-music.de\/wp-content\/uploads\/2025\/11\/tonkuenstlerverband_bayern_logo_2011_screen-768x256.jpg 768w, https:\/\/jin-music.de\/wp-content\/uploads\/2025\/11\/tonkuenstlerverband_bayern_logo_2011_screen-1536x512.jpg 1536w, https:\/\/jin-music.de\/wp-content\/uploads\/2025\/11\/tonkuenstlerverband_bayern_logo_2011_screen.jpg 1838w\" sizes=\"(max-width: 1024px) 100vw, 1024px\" \/>\t\t\t\t\t\t\t\t\t\t\t\t\t\t\t<\/div>\n\t\t\t\t<div class=\"elementor-element elementor-element-905642d elementor-widget elementor-widget-image\" data-id=\"905642d\" data-element_type=\"widget\" data-widget_type=\"image.default\">\n\t\t\t\t\t\t\t\t\t\t\t\t\t\t\t<img decoding=\"async\" width=\"600\" height=\"600\" src=\"https:\/\/jin-music.de\/wp-content\/uploads\/2025\/11\/QZ4-600px.jpg\" class=\"attachment-large size-large wp-image-197\" alt=\"\" srcset=\"https:\/\/jin-music.de\/wp-content\/uploads\/2025\/11\/QZ4-600px.jpg 600w, https:\/\/jin-music.de\/wp-content\/uploads\/2025\/11\/QZ4-600px-300x300.jpg 300w, https:\/\/jin-music.de\/wp-content\/uploads\/2025\/11\/QZ4-600px-150x150.jpg 150w\" sizes=\"(max-width: 600px) 100vw, 600px\" \/>\t\t\t\t\t\t\t\t\t\t\t\t\t\t\t<\/div>\n\t\t\t\t\t<\/div>\n\t\t\t\t<\/div>\n\t\t\t\t<\/div>\n\t\t","protected":false},"excerpt":{"rendered":"<p>Ausbildung Konzertdiplom, Fach Sologesang, Hochschule f\u00fcr Musik W\u00fcrzburg (16. Februar 2009) Erfahrung Unterricht [&hellip;]<\/p>\n","protected":false},"author":1,"featured_media":0,"parent":0,"menu_order":4,"comment_status":"closed","ping_status":"closed","template":"","meta":{"footnotes":""},"class_list":["post-16","page","type-page","status-publish","hentry"],"_links":{"self":[{"href":"https:\/\/jin-music.de\/index.php?rest_route=\/wp\/v2\/pages\/16","targetHints":{"allow":["GET"]}}],"collection":[{"href":"https:\/\/jin-music.de\/index.php?rest_route=\/wp\/v2\/pages"}],"about":[{"href":"https:\/\/jin-music.de\/index.php?rest_route=\/wp\/v2\/types\/page"}],"author":[{"embeddable":true,"href":"https:\/\/jin-music.de\/index.php?rest_route=\/wp\/v2\/users\/1"}],"replies":[{"embeddable":true,"href":"https:\/\/jin-music.de\/index.php?rest_route=%2Fwp%2Fv2%2Fcomments&post=16"}],"version-history":[{"count":63,"href":"https:\/\/jin-music.de\/index.php?rest_route=\/wp\/v2\/pages\/16\/revisions"}],"predecessor-version":[{"id":296,"href":"https:\/\/jin-music.de\/index.php?rest_route=\/wp\/v2\/pages\/16\/revisions\/296"}],"wp:attachment":[{"href":"https:\/\/jin-music.de\/index.php?rest_route=%2Fwp%2Fv2%2Fmedia&parent=16"}],"curies":[{"name":"wp","href":"https:\/\/api.w.org\/{rel}","templated":true}]}}